{"id":10,"date":"2024-01-01T15:43:50","date_gmt":"2024-01-01T15:43:50","guid":{"rendered":"http:\/\/www.mmsaarelaoy.fi\/?page_id=10"},"modified":"2024-12-14T06:12:47","modified_gmt":"2024-12-14T06:12:47","slug":"vuokrauspalvelut-marko","status":"publish","type":"page","link":"https:\/\/www.mmsaarelaoy.fi\/index.php\/vuokrauspalvelut-marko\/","title":{"rendered":"Vuokrauspalvelut\/ Marko"},"content":{"rendered":"\n<div class=\"wp-block-group alignfull has-global-padding is-layout-constrained wp-container-core-group-is-layout-2 wp-block-group-is-layout-constrained\" style=\"padding-top:var(--wp--preset--spacing--50);padding-right:var(--wp--preset--spacing--50);padding-bottom:var(--wp--preset--spacing--50);padding-left:var(--wp--preset--spacing--50)\">\n<div class=\"wp-block-group has-global-padding is-layout-constrained wp-container-core-group-is-layout-1 wp-block-group-is-layout-constrained\">\n<h1 class=\"wp-block-heading has-text-align-center has-x-large-font-size\">Vuokraamme vapaa-ajan v\u00e4lineit\u00e4 ja koneita k\u00e4ytt\u00f6\u00f6si Posion alueella.<\/h1>\n\n\n\n<div style=\"height:1.25rem\" aria-hidden=\"true\" class=\"wp-block-spacer\"><\/div>\n\n\n\n<p class=\"has-text-align-center\">Vuokrausasioissa olethan yhteydess\u00e4 ensisijaisesti Markoon p. 0400 953 119 tai s\u00e4hk\u00f6postilla mmsaarelaoy@gmail.com<\/p>\n\n\n\n<div style=\"height:1.25rem\" aria-hidden=\"true\" class=\"wp-block-spacer\"><\/div>\n\n\n\n<div class=\"wp-block-buttons is-content-justification-center is-layout-flex wp-container-core-buttons-is-layout-1 wp-block-buttons-is-layout-flex\">\n<div class=\"wp-block-button\"><a class=\"wp-block-button__link wp-element-button\" href=\"mmsaarelaoy@gmail.com\">S\u00e4hk\u00f6postiin<\/a><\/div>\n<\/div>\n<\/div>\n\n\n\n<div style=\"height:var(--wp--preset--spacing--30)\" aria-hidden=\"true\" class=\"wp-block-spacer\"><\/div>\n<\/div>\n\n\n\n<div class=\"wp-block-group alignfull has-base-2-background-color has-background has-global-padding is-layout-constrained wp-container-core-group-is-layout-4 wp-block-group-is-layout-constrained\" style=\"margin-top:0;margin-bottom:0;padding-top:var(--wp--preset--spacing--50);padding-right:var(--wp--preset--spacing--50);padding-bottom:var(--wp--preset--spacing--50);padding-left:var(--wp--preset--spacing--50)\">\n<div class=\"wp-block-group is-vertical is-content-justification-center is-layout-flex wp-container-core-group-is-layout-3 wp-block-group-is-layout-flex\">\n<h2 class=\"wp-block-heading has-text-align-center is-style-asterisk\">Palvelumme:<\/h2>\n\n\n\n<div style=\"height:0px\" aria-hidden=\"true\" class=\"wp-block-spacer wp-container-content-1\"><\/div>\n\n\n\n<p class=\"has-text-align-center\">Haluamme, ett\u00e4  arkesi, lomasi tai m\u00f6kkireissusi Posiolla on onnistunut. Tarjoamme v\u00e4lineit\u00e4 pihat\u00f6ihin, polttopuiden tekemiseen ett\u00e4 vapaa-ajallekin.<\/p>\n\n\n\n<p><\/p>\n<\/div>\n\n\n\n<div style=\"margin-top:0;margin-bottom:0;height:var(--wp--preset--spacing--40)\" aria-hidden=\"true\" class=\"wp-block-spacer\"><\/div>\n\n\n\n<div class=\"wp-block-columns alignwide is-layout-flex wp-container-core-columns-is-layout-1 wp-block-columns-is-layout-flex\">\n<div class=\"wp-block-column is-layout-flow wp-container-core-column-is-layout-1 wp-block-column-is-layout-flow\">\n<h3 class=\"wp-block-heading has-text-align-left is-style-asterisk has-body-font-family has-medium-font-size\" style=\"font-style:normal;font-weight:600\">Pilkemaster EVO -klapikoneet 2 kpl, vuokraus<\/h3>\n\n\n\n<p>Hinta 45\u20ac\/h sis. koneen ja miehen<\/p>\n\n\n\n<p>Vuokrahinta pelk\u00e4lle koneelle 100 \u20ac\/vrk ks. alla<\/p>\n\n\n\n<p>Kilometrikorvaus veloitetaan erikseen.<\/p>\n<\/div>\n\n\n\n<div class=\"wp-block-column is-layout-flow wp-container-core-column-is-layout-2 wp-block-column-is-layout-flow\">\n<h3 class=\"wp-block-heading has-text-align-left is-style-asterisk has-body-font-family has-medium-font-size\" style=\"font-style:normal;font-weight:600\">Palju 6-8 hl\u00f6, vuokraus<\/h3>\n\n\n\n<p class=\"has-text-align-left\">180 cm halkaisija<\/p>\n\n\n\n<p>Palju toimitetaan vuokrahinnoilla Posion alueella 15km:n s\u00e4teell\u00e4 keskustasta<\/p>\n\n\n\n<p>Matkat keskustasta 15 km + polttoainekulut lis\u00e4t\u00e4\u00e4n vuokrahintaan.<\/p>\n\n\n\n<p><strong>Vuokrahinta:<\/strong><\/p>\n\n\n\n<p>vrk 90 \u20ac<\/p>\n\n\n\n<p>viikonloppu 160 e (pe toimitus, su luovutus)<\/p>\n\n\n\n<p>viikko 250 e<\/p>\n<\/div>\n\n\n\n<div class=\"wp-block-column is-layout-flow wp-container-core-column-is-layout-3 wp-block-column-is-layout-flow\">\n<h3 class=\"wp-block-heading has-text-align-left is-style-asterisk has-body-font-family has-medium-font-size\" style=\"font-style:normal;font-weight:600\">Palju 8-10 hl\u00f6, vuokraus<\/h3>\n\n\n\n<p>200 cm halkaisija<\/p>\n\n\n\n<p>Paljut toimitetaan vuokrahinnoilla Posion alueella 15km:n s\u00e4teell\u00e4 keskustasta<\/p>\n\n\n\n<p>Matkat keskustasta 15 km + polttoainekulut lis\u00e4t\u00e4\u00e4n vuokrahintaan.<\/p>\n\n\n\n<p><strong>Vuokrahinta:<\/strong><\/p>\n\n\n\n<p>vrk 100 e<\/p>\n\n\n\n<p>viikonloppu 180 e (pe toimitus, su luovutus)<\/p>\n\n\n\n<p>viikko 300 e<\/p>\n<\/div>\n<\/div>\n\n\n\n<div style=\"height:var(--wp--preset--spacing--20)\" aria-hidden=\"true\" class=\"wp-block-spacer\"><\/div>\n\n\n\n<div class=\"wp-block-columns alignwide is-layout-flex wp-container-core-columns-is-layout-2 wp-block-columns-is-layout-flex\">\n<div class=\"wp-block-column is-layout-flow wp-container-core-column-is-layout-4 wp-block-column-is-layout-flow\">\n<h3 class=\"wp-block-heading has-text-align-left is-style-asterisk has-body-font-family has-medium-font-size\" style=\"font-style:normal;font-weight:600\">Ty\u00f6suoritteet<\/h3>\n\n\n\n<p>mm.<\/p>\n\n\n\n<p class=\"has-text-align-left\">Polttopuiden teko asiakkaan omista puista.<\/p>\n\n\n\n<p class=\"has-text-align-left\">Kantojen jyrsint\u00e4. <\/p>\n\n\n\n<p class=\"has-text-align-left\">Lumen pudotukset katoilta.<\/p>\n\n\n\n<p>R\u00e4nnien imurointi maasta k\u00e4sin Space Vac- imurilla<\/p>\n\n\n\n<p class=\"has-text-align-left\">Kysy rohkeasti Markolta lis\u00e4\u00e4<\/p>\n\n\n\n<p class=\"has-text-align-left\">puh. 0400 953 119!<\/p>\n<\/div>\n\n\n\n<div class=\"wp-block-column is-layout-flow wp-container-core-column-is-layout-5 wp-block-column-is-layout-flow\">\n<h3 class=\"wp-block-heading has-text-align-left is-style-asterisk has-body-font-family has-medium-font-size\" style=\"font-style:normal;font-weight:600\">SUP- lautojen vuokraus<\/h3>\n\n\n\n<p>Merkkin\u00e4 Aqua Marina.<\/p>\n\n\n\n<p>T\u00e4ytett\u00e4v\u00e4t ja helppo kuljettaa.<\/p>\n\n\n\n<p>Nouto sopimuksen mukaan keskustasta tai Per\u00e4-Posiolta.<\/p>\n\n\n\n<p>Vuokrahinta: <\/p>\n\n\n\n<p>ensimm\u00e4inen vrk 34\u20ac\/lauta, seuraavat 15\u20ac\/lauta<\/p>\n\n\n\n<p>Mukaan:<\/p>\n\n\n\n<p>mela<\/p>\n\n\n\n<p>pumppu<\/p>\n\n\n\n<p>kelluntaliivit<\/p>\n\n\n\n<p>(varaudu my\u00f6s omilla liiveill\u00e4, mik\u00e4li meid\u00e4n liivit on toisaalla vuokralla)<\/p>\n\n\n\n<p class=\"has-text-align-left\">Pidemmiss\u00e4 varauksissa (yli 5 vrk) -> pyyd\u00e4 tarjous Markolta<\/p>\n<\/div>\n\n\n\n<div class=\"wp-block-column is-layout-flow wp-container-core-column-is-layout-6 wp-block-column-is-layout-flow\">\n<h3 class=\"wp-block-heading has-text-align-left is-style-asterisk has-body-font-family has-medium-font-size\" style=\"font-style:normal;font-weight:600\">S\u00e4hk\u00f6fatbike- vuokraus<\/h3>\n\n\n\n<p class=\"has-text-align-left\">Kaksi Nordfit-merkkist\u00e4 s\u00e4hk\u00f6fatbikea. <\/p>\n\n\n\n<p>Py\u00f6rien runkojen koot: 48&#8243; sek\u00e4 53&#8243;<\/p>\n\n\n\n<p>Halutessasi mukaan kyp\u00e4r\u00e4t.<\/p>\n\n\n\n<p>Vuokrahinnat: <\/p>\n\n\n\n<p>1 py\u00f6r\u00e4 tai 2 py\u00f6r\u00e4\u00e4<\/p>\n\n\n\n<p>25\u20ac\/h tai 40\u20ac\/h<\/p>\n\n\n\n<p>55\u20ac\/3h tai 75\u20ac\/3h <\/p>\n\n\n\n<p>90\u20ac\/ klo 8.00-16.30 tai 120\u20ac\/ klo 8.00-16.30<\/p>\n\n\n\n<p>95\u20ac\/vrk tai 140\u20ac\/vrk<\/p>\n\n\n\n<p>160\u20ac\/viikonloppu pe-su tai 260\u20ac\/viikonloppu pe-su<\/p>\n\n\n\n<p>Viikkovuokra 7vrk:<\/p>\n\n\n\n<p>299\u20ac tai 499\u20ac<\/p>\n<\/div>\n<\/div>\n<\/div>\n\n\n\n<div class=\"wp-block-group alignfull has-global-padding is-layout-constrained wp-container-core-group-is-layout-14 wp-block-group-is-layout-constrained\" style=\"margin-top:0;margin-bottom:0;padding-top:var(--wp--preset--spacing--50);padding-right:var(--wp--preset--spacing--50);padding-bottom:var(--wp--preset--spacing--50);padding-left:var(--wp--preset--spacing--50)\">\n<div class=\"wp-block-group alignwide has-global-padding is-layout-constrained wp-container-core-group-is-layout-6 wp-block-group-is-layout-constrained\">\n<div class=\"wp-block-group is-vertical is-content-justification-center is-layout-flex wp-container-core-group-is-layout-5 wp-block-group-is-layout-flex\">\n<h2 class=\"wp-block-heading has-text-align-center is-style-asterisk\">Vuokrattavat laitteet<\/h2>\n\n\n\n<p class=\"has-text-align-center\">Vuokraamme laitteita joko sellaisenaan tai ty\u00f6suoritteen kera. Alla lista laitteista :<\/p>\n\n\n\n<p><\/p>\n<\/div>\n\n\n\n<div style=\"height:var(--wp--preset--spacing--40)\" aria-hidden=\"true\" class=\"wp-block-spacer\"><\/div>\n\n\n\n<div class=\"wp-block-columns alignwide is-layout-flex wp-container-core-columns-is-layout-3 wp-block-columns-is-layout-flex\">\n<div class=\"wp-block-column is-vertically-aligned-center is-layout-flow wp-block-column-is-layout-flow\" style=\"flex-basis:40%\">\n<h3 class=\"wp-block-heading is-style-asterisk\">Bronco Oksasilppuri<\/h3>\n\n\n\n<p><\/p>\n\n\n\n<ul style=\"line-height:1.75\" class=\"is-style-checkmark-list wp-block-list\">\n<li>M\u00f6nkij\u00e4n per\u00e4ss\u00e4 vedett\u00e4v\u00e4<\/li>\n\n\n\n<li>Kaksi ter\u00e4\u00e4<\/li>\n\n\n\n<li>360 astetta s\u00e4\u00e4tyv\u00e4 ulostulo<\/li>\n\n\n\n<li>H\u00e4t\u00e4jarru<\/li>\n\n\n\n<li>Vuokrahinta 50\u20ac\/vrk<\/li>\n<\/ul>\n<\/div>\n\n\n\n<div class=\"wp-block-column is-layout-flow wp-block-column-is-layout-flow\" style=\"flex-basis:50%\">\n<figure class=\"wp-block-image size-large is-resized is-style-rounded is-style-rounded--1\"><img loading=\"lazy\" decoding=\"async\" width=\"768\" height=\"1024\" src=\"http:\/\/www.mmsaarelaoy.fi\/wp-content\/uploads\/2024\/01\/IMG_9391-768x1024.jpeg\" alt=\"\" class=\"wp-image-23\" style=\"width:337px;height:auto\" srcset=\"https:\/\/www.mmsaarelaoy.fi\/wp-content\/uploads\/2024\/01\/IMG_9391-768x1024.jpeg 768w, https:\/\/www.mmsaarelaoy.fi\/wp-content\/uploads\/2024\/01\/IMG_9391-225x300.jpeg 225w, https:\/\/www.mmsaarelaoy.fi\/wp-content\/uploads\/2024\/01\/IMG_9391-1152x1536.jpeg 1152w, https:\/\/www.mmsaarelaoy.fi\/wp-content\/uploads\/2024\/01\/IMG_9391-1536x2048.jpeg 1536w, https:\/\/www.mmsaarelaoy.fi\/wp-content\/uploads\/2024\/01\/IMG_9391-scaled.jpeg 1920w\" sizes=\"auto, (max-width: 768px) 100vw, 768px\" \/><\/figure>\n<\/div>\n<\/div>\n\n\n\n<div style=\"height:var(--wp--preset--spacing--40)\" aria-hidden=\"true\" class=\"wp-block-spacer\"><\/div>\n\n\n\n<div class=\"wp-block-columns alignwide is-layout-flex wp-container-core-columns-is-layout-4 wp-block-columns-is-layout-flex\">\n<div class=\"wp-block-column is-layout-flow wp-block-column-is-layout-flow\" style=\"flex-basis:50%\">\n<figure class=\"wp-block-image size-full is-resized is-style-rounded is-style-rounded--2\"><img loading=\"lazy\" decoding=\"async\" width=\"960\" height=\"540\" src=\"http:\/\/www.mmsaarelaoy.fi\/wp-content\/uploads\/2024\/01\/evo2klapikone.jpg\" alt=\"\" class=\"wp-image-25\" style=\"width:514px;height:auto\" srcset=\"https:\/\/www.mmsaarelaoy.fi\/wp-content\/uploads\/2024\/01\/evo2klapikone.jpg 960w, https:\/\/www.mmsaarelaoy.fi\/wp-content\/uploads\/2024\/01\/evo2klapikone-300x169.jpg 300w, https:\/\/www.mmsaarelaoy.fi\/wp-content\/uploads\/2024\/01\/evo2klapikone-768x432.jpg 768w\" sizes=\"auto, (max-width: 960px) 100vw, 960px\" \/><\/figure>\n<\/div>\n\n\n\n<div class=\"wp-block-column is-vertically-aligned-center is-layout-flow wp-block-column-is-layout-flow\" style=\"flex-basis:40%\">\n<h3 class=\"wp-block-heading is-style-asterisk\">Pilkemaster EVO- klapikone <\/h3>\n\n\n\n<p><\/p>\n\n\n\n<ul style=\"line-height:1.75\" class=\"is-style-checkmark-list wp-block-list\">\n<li>Koneita on 2 kpl<\/li>\n\n\n\n<li>Klapikone on nopea ja tehokas<\/li>\n\n\n\n<li>Koneen lis\u00e4ksi voi my\u00f6s palkata tekij\u00e4n.<\/li>\n\n\n\n<li>Hinta 45\u20ac\/h sis. koneen ja miehen<\/li>\n\n\n\n<li>Vuokrahinta koneelle 100 \u20ac\/vrk<\/li>\n<\/ul>\n<\/div>\n<\/div>\n<\/div>\n\n\n\n<div class=\"wp-block-group alignfull has-global-padding is-layout-constrained wp-container-core-group-is-layout-9 wp-block-group-is-layout-constrained\" style=\"margin-top:0;margin-bottom:0;padding-top:var(--wp--preset--spacing--50);padding-right:var(--wp--preset--spacing--50);padding-bottom:var(--wp--preset--spacing--50);padding-left:var(--wp--preset--spacing--50)\">\n<div class=\"wp-block-group alignwide has-global-padding is-layout-constrained wp-container-core-group-is-layout-8 wp-block-group-is-layout-constrained\">\n<div class=\"wp-block-group is-vertical is-content-justification-center is-layout-flex wp-container-core-group-is-layout-7 wp-block-group-is-layout-flex\">\n<p><\/p>\n<\/div>\n\n\n\n<div style=\"height:0px\" aria-hidden=\"true\" class=\"wp-block-spacer\"><\/div>\n\n\n\n<div style=\"height:0px\" aria-hidden=\"true\" class=\"wp-block-spacer\"><\/div>\n\n\n\n<div class=\"wp-block-columns alignwide is-layout-flex wp-container-core-columns-is-layout-5 wp-block-columns-is-layout-flex\">\n<div class=\"wp-block-column is-vertically-aligned-center is-layout-flow wp-block-column-is-layout-flow\" style=\"flex-basis:40%\">\n<h3 class=\"wp-block-heading is-style-asterisk\">K\u00e4rcher Puzzi 8\/1<\/h3>\n\n\n\n<ul style=\"line-height:1.75\" class=\"is-style-checkmark-list wp-block-list\">\n<li>K\u00e4rcher Puzzi ammattitason painehuuhtelulaite\/ tekstiilipesuri.<\/li>\n\n\n\n<li>Tehokas ja nopea laite sohvien, mattojen,autonpenkkien ja verhoilujen pesemiseen.<\/li>\n\n\n\n<li>Laite suihkuttaa pesuaineliuoksen paineella puhdistettavaan kohteeseen ja imee likaveden tehokkaasti pois, joten kohde kuivuu nopeasti.<\/li>\n\n\n\n<li>20\u20ac\/vrk. sis. 2 pesuainetablettia<\/li>\n\n\n\n<li>lis\u00e4tabletit 1\u20ac kpl<\/li>\n\n\n\n<li>Nouto keskustasta tai Per\u00e4-Posiolta<\/li>\n\n\n\n<li>Laite voidaan toimittaa my\u00f6s haluttuun paikkaan erillist\u00e4 korvausta vastaan.<\/li>\n<\/ul>\n<\/div>\n\n\n\n<div class=\"wp-block-column is-layout-flow wp-block-column-is-layout-flow\" style=\"flex-basis:50%\">\n<figure class=\"wp-block-image size-full is-resized is-style-rounded is-style-rounded--3\"><img loading=\"lazy\" decoding=\"async\" width=\"225\" height=\"225\" src=\"http:\/\/www.mmsaarelaoy.fi\/wp-content\/uploads\/2024\/02\/karcher-tekstiilipesuri.webp\" alt=\"vuokraa tekstiilipesuri Posio K\u00e4rcher Puzzi\" class=\"wp-image-101\" style=\"width:337px;height:auto\" srcset=\"https:\/\/www.mmsaarelaoy.fi\/wp-content\/uploads\/2024\/02\/karcher-tekstiilipesuri.webp 225w, https:\/\/www.mmsaarelaoy.fi\/wp-content\/uploads\/2024\/02\/karcher-tekstiilipesuri-150x150.webp 150w\" sizes=\"auto, (max-width: 225px) 100vw, 225px\" \/><\/figure>\n<\/div>\n<\/div>\n\n\n\n<div style=\"height:var(--wp--preset--spacing--40)\" aria-hidden=\"true\" class=\"wp-block-spacer\"><\/div>\n\n\n\n<div class=\"wp-block-columns alignwide is-layout-flex wp-container-core-columns-is-layout-6 wp-block-columns-is-layout-flex\">\n<div class=\"wp-block-column is-vertically-aligned-center is-layout-flow wp-block-column-is-layout-flow\" style=\"flex-basis:40%\">\n<h3 class=\"wp-block-heading is-style-asterisk\">HFM C7 &#8211; puutarhajyrsin<\/h3>\n\n\n\n<p><\/p>\n\n\n\n<ul style=\"line-height:1.75\" class=\"is-style-checkmark-list wp-block-list\">\n<li>HFM C7- puutarhajyrsin s\u00e4\u00e4dett\u00e4v\u00e4ll\u00e4 ty\u00f6leveydell\u00e4 sek\u00e4 tehokkaalla Briggs &amp; Stratton 800 s- moottorilla!<\/li>\n\n\n\n<li>Kone on loistava mansikka- peruna-, ja kasvimaiden muokkaamiseen!<\/li>\n\n\n\n<li>Kone on helppo k\u00e4ytt\u00e4\u00e4 ja halpa vuokrata!<\/li>\n\n\n\n<li>Vuokrahinta 25 eur\/vrk<\/li>\n\n\n\n<li><\/li>\n<\/ul>\n<\/div>\n\n\n\n<div class=\"wp-block-column is-layout-flow wp-block-column-is-layout-flow\" style=\"flex-basis:50%\">\n<figure class=\"wp-block-image size-full is-resized is-style-rounded is-style-rounded--4\"><img loading=\"lazy\" decoding=\"async\" width=\"768\" height=\"687\" src=\"http:\/\/www.mmsaarelaoy.fi\/wp-content\/uploads\/2024\/02\/jyrsin-1.webp\" alt=\"vuokraa puutarhajyrsin Posio\" class=\"wp-image-106\" style=\"width:337px;height:auto\" srcset=\"https:\/\/www.mmsaarelaoy.fi\/wp-content\/uploads\/2024\/02\/jyrsin-1.webp 768w, https:\/\/www.mmsaarelaoy.fi\/wp-content\/uploads\/2024\/02\/jyrsin-1-300x268.webp 300w\" sizes=\"auto, (max-width: 768px) 100vw, 768px\" \/><\/figure>\n<\/div>\n<\/div>\n\n\n\n<div style=\"height:var(--wp--preset--spacing--40)\" aria-hidden=\"true\" class=\"wp-block-spacer\"><\/div>\n<\/div>\n<\/div>\n\n\n\n<div class=\"wp-block-group alignfull has-global-padding is-layout-constrained wp-container-core-group-is-layout-11 wp-block-group-is-layout-constrained\" style=\"margin-top:0;margin-bottom:0;padding-top:var(--wp--preset--spacing--50);padding-right:var(--wp--preset--spacing--50);padding-bottom:var(--wp--preset--spacing--50);padding-left:var(--wp--preset--spacing--50)\">\n<div class=\"wp-block-group alignwide has-global-padding is-layout-constrained wp-container-core-group-is-layout-10 wp-block-group-is-layout-constrained\">\n<div style=\"height:0px\" aria-hidden=\"true\" class=\"wp-block-spacer\"><\/div>\n\n\n\n<div class=\"wp-block-columns alignwide is-layout-flex wp-container-core-columns-is-layout-7 wp-block-columns-is-layout-flex\">\n<div class=\"wp-block-column is-vertically-aligned-center is-layout-flow wp-block-column-is-layout-flow\" style=\"flex-basis:40%\">\n<h3 class=\"wp-block-heading is-style-asterisk\">Honda FG320 &#8211; puutarhajyrsin<\/h3>\n\n\n\n<p><\/p>\n\n\n\n<ul style=\"line-height:1.75\" class=\"is-style-checkmark-list wp-block-list\">\n<li>Hiljainen ja tehokas<\/li>\n\n\n\n<li>Ty\u00f6leveys 80cm<\/li>\n\n\n\n<li>Kone on loistava mansikka- peruna-, ja kasvimaiden muokkaamiseen!<\/li>\n\n\n\n<li>Kone on helppo k\u00e4ytt\u00e4\u00e4 ja halpa vuokrata!<\/li>\n\n\n\n<li>Vuokrahinta 25 eur\/vrk<\/li>\n<\/ul>\n<\/div>\n\n\n\n<div class=\"wp-block-column is-layout-flow wp-block-column-is-layout-flow\" style=\"flex-basis:50%\">\n<figure class=\"wp-block-image size-full\"><img loading=\"lazy\" decoding=\"async\" width=\"725\" height=\"544\" src=\"http:\/\/www.mmsaarelaoy.fi\/wp-content\/uploads\/2024\/02\/honda-jyrsin.jpeg\" alt=\"vuokrataan puutarhajyrsin posio\" class=\"wp-image-111\" srcset=\"https:\/\/www.mmsaarelaoy.fi\/wp-content\/uploads\/2024\/02\/honda-jyrsin.jpeg 725w, https:\/\/www.mmsaarelaoy.fi\/wp-content\/uploads\/2024\/02\/honda-jyrsin-300x225.jpeg 300w\" sizes=\"auto, (max-width: 725px) 100vw, 725px\" \/><\/figure>\n<\/div>\n<\/div>\n\n\n\n<div style=\"height:var(--wp--preset--spacing--40)\" aria-hidden=\"true\" class=\"wp-block-spacer\"><\/div>\n\n\n\n<p><\/p>\n<\/div>\n<\/div>\n\n\n\n<div class=\"wp-block-group alignfull has-global-padding is-layout-constrained wp-container-core-group-is-layout-13 wp-block-group-is-layout-constrained\" style=\"margin-top:0;margin-bottom:0;padding-top:var(--wp--preset--spacing--50);padding-right:var(--wp--preset--spacing--50);padding-bottom:var(--wp--preset--spacing--50);padding-left:var(--wp--preset--spacing--50)\">\n<div class=\"wp-block-group alignwide has-global-padding is-layout-constrained wp-container-core-group-is-layout-12 wp-block-group-is-layout-constrained\">\n<div style=\"height:0px\" aria-hidden=\"true\" class=\"wp-block-spacer\"><\/div>\n\n\n\n<div class=\"wp-block-columns alignwide is-layout-flex wp-container-core-columns-is-layout-8 wp-block-columns-is-layout-flex\">\n<div class=\"wp-block-column is-vertically-aligned-center is-layout-flow wp-block-column-is-layout-flow\" style=\"flex-basis:40%\">\n<h3 class=\"wp-block-heading is-style-asterisk\">Briggs &amp; Stratton P4500 aggregaatti<\/h3>\n\n\n\n<p><\/p>\n\n\n\n<ul style=\"line-height:1.75\" class=\"is-style-checkmark-list wp-block-list\">\n<li>V\u00e4h\u00e4meluinen<\/li>\n\n\n\n<li>Sopii herkemmille s\u00e4hk\u00f6laitteille kuten puhelimille, tietokoneille ja pelikoneille<\/li>\n\n\n\n<li>Enimm\u00e4isteho 4,5 kW<\/li>\n\n\n\n<li>Tuottaa virtaa jopa 16 h <\/li>\n\n\n\n<li>Automaattisammutus jos \u00f6ljytaso putoaa liian alas<\/li>\n\n\n\n<li>Vuokrahinta 40\u20ac\/vrk<\/li>\n<\/ul>\n<\/div>\n\n\n\n<div class=\"wp-block-column is-layout-flow wp-block-column-is-layout-flow\" style=\"flex-basis:50%\">\n<figure class=\"wp-block-image size-full is-resized\"><img loading=\"lazy\" decoding=\"async\" width=\"222\" height=\"140\" src=\"http:\/\/www.mmsaarelaoy.fi\/wp-content\/uploads\/2024\/02\/aggragaatti.jpeg\" alt=\"vuokraa aggregaatti posio\" class=\"wp-image-117\" style=\"width:431px;height:auto\"\/><\/figure>\n<\/div>\n<\/div>\n\n\n\n<div style=\"height:var(--wp--preset--spacing--40)\" aria-hidden=\"true\" class=\"wp-block-spacer\"><\/div>\n<\/div>\n<\/div>\n<\/div>\n\n\n\n<div class=\"wp-block-group alignfull has-base-color has-contrast-background-color has-text-color has-background has-global-padding is-layout-constrained wp-container-core-group-is-layout-17 wp-block-group-is-layout-constrained\" style=\"margin-top:0;margin-bottom:0;padding-top:var(--wp--preset--spacing--60);padding-right:var(--wp--preset--spacing--60);padding-bottom:var(--wp--preset--spacing--60);padding-left:var(--wp--preset--spacing--60)\">\n<div class=\"wp-block-group has-global-padding is-layout-constrained wp-block-group-is-layout-constrained\">\n<p class=\"has-text-align-center has-base-color has-text-color has-heading-font-family has-x-large-font-size\" style=\"line-height:1.2\"> <em>\u201cOn mahtavaa tehd\u00e4 ty\u00f6t\u00e4 siten, ett\u00e4 se ei edes aina tunnu ty\u00f6lt\u00e4!\u201d<\/em> <\/p>\n\n\n\n<div class=\"wp-block-group is-vertical is-content-justification-center is-nowrap is-layout-flex wp-container-core-group-is-layout-15 wp-block-group-is-layout-flex\">\n<p class=\"has-text-align-center\" style=\"margin-top:var(--wp--preset--spacing--10);margin-bottom:0\">Marko Saarela<\/p>\n\n\n\n<p class=\"has-text-align-center has-contrast-3-color has-text-color has-small-font-size\" style=\"font-style:normal;font-weight:300\">yritt\u00e4j\u00e4<\/p>\n<\/div>\n<\/div>\n<\/div>\n\n\n\n<div class=\"wp-block-group alignfull has-global-padding is-layout-constrained wp-container-core-group-is-layout-18 wp-block-group-is-layout-constrained\" style=\"margin-top:0;margin-bottom:0;padding-top:var(--wp--preset--spacing--50);padding-right:var(--wp--preset--spacing--50);padding-bottom:var(--wp--preset--spacing--50);padding-left:var(--wp--preset--spacing--50)\"><\/div>\n\n\n\n<div class=\"wp-block-group alignfull has-global-padding is-layout-constrained wp-container-core-group-is-layout-20 wp-block-group-is-layout-constrained\" style=\"margin-top:0;margin-bottom:0;padding-top:var(--wp--preset--spacing--50);padding-right:var(--wp--preset--spacing--50);padding-bottom:var(--wp--preset--spacing--50);padding-left:var(--wp--preset--spacing--50)\">\n<div class=\"wp-block-group alignwide has-base-2-background-color has-background has-global-padding is-layout-constrained wp-container-core-group-is-layout-19 wp-block-group-is-layout-constrained\" style=\"border-radius:16px;padding-top:var(--wp--preset--spacing--40);padding-right:var(--wp--preset--spacing--50);padding-bottom:var(--wp--preset--spacing--40);padding-left:var(--wp--preset--spacing--50)\">\n<div style=\"height:var(--wp--preset--spacing--10)\" aria-hidden=\"true\" class=\"wp-block-spacer\"><\/div>\n\n\n\n<h2 class=\"wp-block-heading has-text-align-center has-x-large-font-size\">Seuraa meit\u00e4 Facebookissa!<\/h2>\n\n\n\n<p class=\"has-text-align-center\"><\/p>\n\n\n\n<div class=\"wp-block-buttons is-content-justification-center is-layout-flex wp-container-core-buttons-is-layout-2 wp-block-buttons-is-layout-flex\">\n<div class=\"wp-block-button\"><a class=\"wp-block-button__link wp-element-button\">Facebookkiin!<\/a><\/div>\n<\/div>\n\n\n\n<div style=\"height:var(--wp--preset--spacing--10)\" aria-hidden=\"true\" class=\"wp-block-spacer\"><\/div>\n<\/div>\n<\/div>\n","protected":false},"excerpt":{"rendered":"<p>Vuokraamme vapaa-ajan v\u00e4lineit\u00e4 ja koneita k\u00e4ytt\u00f6\u00f6si Posion alueella. Vuokrausasioissa olethan yhteydess\u00e4 ensisijaisesti Markoon p. 0400 953 119 tai s\u00e4hk\u00f6postilla mmsaarelaoy@gmail.com Palvelumme: Haluamme, ett\u00e4 arkesi, lomasi tai m\u00f6kkireissusi Posiolla on onnistunut. Tarjoamme v\u00e4lineit\u00e4 pihat\u00f6ihin, polttopuiden tekemiseen ett\u00e4 vapaa-ajallekin. Pilkemaster EVO -klapikoneet 2 kpl, vuokraus Hinta 45\u20ac\/h sis. koneen ja miehen Vuokrahinta pelk\u00e4lle koneelle 100 \u20ac\/vrk ks. [&hellip;]<\/p>\n","protected":false},"author":1,"featured_media":0,"parent":0,"menu_order":0,"comment_status":"closed","ping_status":"closed","template":"","meta":{"footnotes":""},"class_list":["post-10","page","type-page","status-publish","hentry"],"_links":{"self":[{"href":"https:\/\/www.mmsaarelaoy.fi\/index.php\/wp-json\/wp\/v2\/pages\/10","targetHints":{"allow":["GET"]}}],"collection":[{"href":"https:\/\/www.mmsaarelaoy.fi\/index.php\/wp-json\/wp\/v2\/pages"}],"about":[{"href":"https:\/\/www.mmsaarelaoy.fi\/index.php\/wp-json\/wp\/v2\/types\/page"}],"author":[{"embeddable":true,"href":"https:\/\/www.mmsaarelaoy.fi\/index.php\/wp-json\/wp\/v2\/users\/1"}],"replies":[{"embeddable":true,"href":"https:\/\/www.mmsaarelaoy.fi\/index.php\/wp-json\/wp\/v2\/comments?post=10"}],"version-history":[{"count":21,"href":"https:\/\/www.mmsaarelaoy.fi\/index.php\/wp-json\/wp\/v2\/pages\/10\/revisions"}],"predecessor-version":[{"id":165,"href":"https:\/\/www.mmsaarelaoy.fi\/index.php\/wp-json\/wp\/v2\/pages\/10\/revisions\/165"}],"wp:attachment":[{"href":"https:\/\/www.mmsaarelaoy.fi\/index.php\/wp-json\/wp\/v2\/media?parent=10"}],"curies":[{"name":"wp","href":"https:\/\/api.w.org\/{rel}","templated":true}]}}